{"id":24,"date":"2026-04-02T12:20:26","date_gmt":"2026-04-02T10:20:26","guid":{"rendered":"https:\/\/www.zeropfas-italia.org\/?page_id=24"},"modified":"2026-04-02T12:20:27","modified_gmt":"2026-04-02T10:20:27","slug":"aderenti","status":"publish","type":"page","link":"https:\/\/www.zeropfas-italia.org\/?page_id=24","title":{"rendered":"Aderenti"},"content":{"rendered":"\n<p><\/p>\n\n\n\n<ul class=\"wp-block-list\">\n<li><a href=\"mailto:isdenews@isde.it\" target=\"_blank\" rel=\"noreferrer noopener\"><\/a><a href=\"https:\/\/www.isdenews.it\/\" target=\"_blank\" rel=\"noreferrer noopener\"><\/a><strong><a href=\"https:\/\/www.isdenews.it\/?sfid=121&amp;_sft_category=pfas\" target=\"_blank\" rel=\"noreferrer noopener\">ISDE medici per l\u2019ambiente<\/a><\/strong>&nbsp;<br>Consulenza sanitaria e divulgazione One Health<br>Gruppo di lavoro su testo di legge di iniziativa popolare che preveda per ogni produttore, soprattutto di prodotti destinati all\u2019alimentazione, l\u2019obbligo di certificare in etichetta la presenza o meno di PFAS.<\/li>\n\n\n\n<li><a href=\"mailto:segreteria@medicinademocratica.org\" target=\"_blank\" rel=\"noreferrer noopener\"><\/a><a href=\"https:\/\/www.medicinademocratica.org\/\" target=\"_blank\" rel=\"noreferrer noopener\"><\/a><strong><a href=\"https:\/\/www.medicinademocratica.org\/wp\/?tag=pfas\" target=\"_blank\" rel=\"noreferrer noopener\">Medicina Democratica \u2013 Movimento di Lotta per la Salute ETS<\/a><\/strong><br>Impegno contro i PFAS da pi\u00f9 di 10 anni anche sotto il profilo giudiziario (processi Miteni e Solvay).<\/li>\n\n\n\n<li><a href=\"mailto:mirellabenazzo@gmail.com\" target=\"_blank\" rel=\"noreferrer noopener\"><\/a><a href=\"https:\/\/www.facebook.com\/p\/%C3%80nemos-Salute-inquinamento-Alessandria-fraschetta-100094667168540\/?locale=it_IT\" target=\"_blank\" rel=\"noreferrer noopener\"><\/a><strong><a href=\"https:\/\/www.facebook.com\/people\/%C3%80nemos-Salute-inquinamento-Alessandria-fraschetta\/pfbid02HsvRHcZHcPKgXR7hv1vZrhkVNy83yEVgVr7WeG9mAEQV9zsw3zJvr6sJo1BBPdfNl\/\" target=\"_blank\" rel=\"noreferrer noopener\">Associazione \u00c0nemos<\/a><\/strong>&nbsp;<br>referente <a href=\"mailto:mirellabenazzo@gmail.com\" target=\"_blank\" rel=\"noreferrer noopener\">Mirella BENAZZO<\/a><br>Salute-inquinamento Alessandria-fraschetta&nbsp;&nbsp;<\/li>\n\n\n\n<li><strong><a href=\"mailto:acquasicura.valsusa@gmail.com\" target=\"_blank\" rel=\"noreferrer noopener\">Comitato L&#8217;Acqua SiCura<\/a>&nbsp;<\/strong>Valle di Susa<br>Referente: Adele BINELLI.<br>Ricerca e bonifica fonti inquinanti PFAS in Valle di Susa. Messa al Bando dei PFAS<\/li>\n\n\n\n<li><strong><a href=\"https:\/\/www.facebook.com\/groups\/753321555139642\/\" target=\"_blank\" rel=\"noreferrer noopener\">Vivere in Fraschetta<\/a><\/strong><br>Referente: Nicoletta Mensi<br>Gruppo formatosi nell\u2019ambito della SPI di Spinetta Marengo. Vuole monitorare il territorio della FRASCHETTA.<\/li>\n\n\n\n<li><a href=\"mailto:comitatostopsolvay@gmail.com\" target=\"_blank\" rel=\"noreferrer noopener\"><\/a><a href=\"https:\/\/www.facebook.com\/comitatostopsolvay\/\" target=\"_blank\" rel=\"noreferrer noopener\"><\/a><strong><a href=\"https:\/\/www.labsociale.it\/comitato-stop-solvay\/\" target=\"_blank\" rel=\"noreferrer noopener\">Stop Solvay<\/a><\/strong><br>Obiettivi: stop produzione del PFAS cC6O4 e ADV7800. Bonifica integrale dell&#8217;area contaminata. Stop alle emissioni di sostanze tossiche e climalteranti. Screening medico della popolazione. Tutti insieme per difendere la nostra salute e quella dei nostri figli.<\/li>\n\n\n\n<li><a href=\"mailto:lino.balza.2019@gmail.com\" target=\"_blank\" rel=\"noreferrer noopener\"><\/a><a href=\"https:\/\/www.rete-ambientalista.it\/\" target=\"_blank\" rel=\"noreferrer noopener\"><\/a><strong><a href=\"https:\/\/www.rete-ambientalista.it\/\" target=\"_blank\" rel=\"noreferrer noopener\">Rete Ambientalista<\/a><br><\/strong>Movimenti di Lotta per la Salute, l&#8221;Ambiente, la Pace e la Nonviolenza<\/li>\n\n\n\n<li><strong><a href=\"mailto:movimentolotta.maccacaro@gmail.com:\" target=\"_blank\" rel=\"noreferrer noopener\">Movimento di lotta per la salute Maccacaro<\/a><\/strong>. Referente Lino Balza.<\/li>\n\n\n\n<li><a href=\"mailto:acquapubblicatorino@gmail.com\" target=\"_blank\" rel=\"noreferrer noopener\"><\/a><a href=\"https:\/\/www.facebook.com\/AcquaPubblicaTorino\/?locale=it_IT\" target=\"_blank\" rel=\"noreferrer noopener\"><\/a><strong><a href=\"https:\/\/www.acquabenecomunetorino.org\/\" target=\"_blank\" rel=\"noreferrer noopener\">Comitato Acqua Pubblica Torino<\/a><\/strong><br>Cittadini e associazioni impegnate nella difesa dell\u2019acqua in quanto bene essenziale per la vita e quindi non mercificabile.<\/li>\n\n\n\n<li><a href=\"mailto:gl.alessandria@greenpeace.it\" target=\"_blank\" rel=\"noreferrer noopener\"><\/a><a href=\"https:\/\/www.greenpeace.org\/italy\/gruppo-locale\/21779\/gruppo-locale-di-alessandria\/\" target=\"_blank\" rel=\"noreferrer noopener\"><\/a><strong><a href=\"https:\/\/www.greenpeace.org\/italy\/gruppo-locale\/21779\/gruppo-locale-di-alessandria\/\" target=\"_blank\" rel=\"noreferrer noopener\">Greenpeace Alessandria<\/a><\/strong><br>Il Gruppo Locale di Alessandria \u00e8 nato nel 2020, con l\u2019intento di occuparsi delle problematiche ambientali locali in relazione alle campagne nazionali e globali di Greenpeace.<\/li>\n\n\n\n<li><a href=\"mailto:acquapubblicamilano@gmail.com\" target=\"_blank\" rel=\"noreferrer noopener\"><\/a><a href=\"https:\/\/www.facebook.com\/p\/Comitato-Milanese-Acquapubblica-CMA-100064857933501\/\" target=\"_blank\" rel=\"noreferrer noopener\"><\/a><strong><a href=\"https:\/\/acquapubblicamilano.wordpress.com\/\" target=\"_blank\" rel=\"noreferrer noopener\">Acqua Pubblica Milano<\/a><\/strong><br>Il comitato \u00e8 nato per promuovere il referendum e rendere pubblica l&#8217;acqua, e continua a tutelarla.<\/li>\n\n\n\n<li><a href=\"mailto:presidenza@adictoscana.it\" target=\"_blank\" rel=\"noreferrer noopener\"><\/a><a href=\"https:\/\/adictoscana.it\/\" target=\"_blank\" rel=\"noreferrer noopener\"><\/a><strong><a href=\"https:\/\/adictoscana.it\/\" target=\"_blank\" rel=\"noreferrer noopener\">Associazione per i Diritti dei Cittadini<\/a><\/strong>&nbsp;(ADiC Toscana APS)<br>referente <a href=\"mailto:clara.gonnelli2023@gmail.com\" target=\"_blank\" rel=\"noreferrer noopener\">Clara Gonnelli<\/a><br>L\u2019ADiC Toscana (Associazione di Promozione Sociale) \u00e8 un\u2019associazione di consumatori. Pone al centro della propria missione la difesa dei beni comuni, i costi equi e giusti, il sostegno alle componenti pi\u00f9 deboli della societ\u00e0, la solidariet\u00e0, il consumo consapevole e responsabile, i servizi offerti a tutti i cittadini per la tutela dei loro legittimi interessi, secondo criteri di sostenibilit\u00e0 sociale, ambientale, economica ed istituzionale.<\/li>\n\n\n\n<li><a href=\"mailto:donataalbiero5@gmail.com\" target=\"_blank\" rel=\"noreferrer noopener\"><\/a><a href=\"https:\/\/www.facebook.com\/cillsa.cillsa\" target=\"_blank\" rel=\"noreferrer noopener\"><\/a><strong><a href=\"https:\/\/sites.google.com\/view\/cillsacom\/\" target=\"_blank\" rel=\"noopener\" title=\"CiLLSA\">CiLLSA<\/a><\/strong>&nbsp;(Cittadini per il Lavoro, la Legalit\u00e0, la Salute e l&#8217;Ambiente), associazione ecologista:<br>referenti <a href=\"mailto:donataalbiero5@gmail.com\" target=\"_blank\" rel=\"noreferrer noopener\">Donata Albiero<\/a> <br>Donata, portavoce associazione e Itinerario educativo nelle scuole: &#8221;<em>One Health. Un percorso di cittadinanza attiva per bandire i Pfas<\/em>&#8221;<br>Prevenzione: prevenire la contaminazione da PFAS e i suoi effetti nelle persone , interromperne il flusso contaminante nel territorio.\n<ul class=\"wp-block-list\">\n<li><strong><a href=\"https:\/\/sites.google.com\/view\/cillsacom\/gruppo-educativo-zero-pfas-del-veneto?authuser=0\" target=\"_blank\" rel=\"noreferrer noopener\">Gruppo Educativo Veneto<\/a><\/strong><\/li>\n<\/ul>\n<\/li>\n\n\n\n<li><a href=\"mailto:info@mammenopfas.org\" target=\"_blank\" rel=\"noreferrer noopener\"><\/a><a href=\"https:\/\/www.mammenopfas.org\/\" target=\"_blank\" rel=\"noreferrer noopener\"><\/a><strong>Mamme No Pfas<\/strong>&nbsp;referente <a href=\"mailto:icicamela@gmail.com\" target=\"_blank\" rel=\"noreferrer noopener\">Michela Piccoli<\/a><br>Mission: bonifica sito Miteni, processo Miteni, Mamme da Nord a Sud, cittadinanza attiva.<\/li>\n\n\n\n<li><strong><a href=\"mailto:noinceneritorefusina@gmail.com\" target=\"_blank\" rel=\"noreferrer noopener\"><\/a><a href=\"https:\/\/www.facebook.com\/NoInceneritoreFusina\/\" target=\"_blank\" rel=\"noreferrer noopener\"><\/a><\/strong><a href=\"https:\/\/www.facebook.com\/NoInceneritoreFusina\/\" target=\"_blank\" rel=\"noreferrer noopener\"><strong>No<\/strong> <strong>Inceneritore Fusina<\/strong><\/a>&nbsp;referente Mattia Donadei e <a href=\"mailto:nadia.piazza2@gmail.com\" target=\"_blank\" rel=\"noreferrer noopener\">Nadia Piazza<\/a><br>#NOINCENERITOREFANGHI<br>Realt\u00e0 del territorio che si oppongono alla costruzione del nuovo inceneritore di Fusina.<\/li>\n\n\n\n<li><strong><a href=\"https:\/\/www.facebook.com\/ABC.Verona\/\" target=\"_blank\" rel=\"noreferrer noopener\">Comitato Veronese Acqua e beni comuni<\/a>, <a href=\"https:\/\/monasterodelbenecomune.blogspot.com\/\" target=\"_blank\" rel=\"noreferrer noopener\">Monastero Bene Comune di Sezzano<\/a><\/strong>, referente <a href=\"mailto:56lucacecchi@libero.it\" target=\"_blank\" rel=\"noreferrer noopener\">Luca Cecchi<\/a><br>Mission: Difesa dell\u2019acqua Pubblica, messa al bando PFAS<br>Gruppo di lavoro su Mozione \/ comunale \/ regionale \/ parlamento della messa al bando dei Pfas.<\/li>\n\n\n\n<li><strong><a href=\"https:\/\/www.facebook.com\/perlablu.legambiente\/?locale=it_IT\" target=\"_blank\" rel=\"noreferrer noopener\">Legambiente Cologna Veneta<\/a><\/strong>&nbsp;referente <a href=\"mailto:info@perlablu.it\" target=\"_blank\" rel=\"noreferrer noopener\">Piergiorgio Boscagin<\/a><br>Presidente Circolo Perla Blu Legambiente<br>Caso PFAS in Veneto<br>Mission: bonifica e messa in sicurezza del sito Miteni.<\/li>\n\n\n\n<li><strong><a href=\"https:\/\/www.facebook.com\/people\/Federazione-per-il-riconoscimento-dei-diritti-del-lago-di-Garda\/61566870897392\/\" target=\"_blank\" rel=\"noreferrer noopener\">Federazione per il riconoscimento dei diritti del Lago di Garda<\/a><\/strong><br>Referenti <a href=\"mailto:alessia.demunari@gmail.com\" target=\"_blank\" rel=\"noreferrer noopener\">Alessia De Munari<\/a> e <a href=\"mailto:isabella.disola@tiscali.it\" target=\"_blank\" rel=\"noreferrer noopener\">Isabella d\u2019Isola<\/a><br>Progetto di ampliamento del depuratore di Peschiera del Garda e salvaguardia dell\u2019ambiente, degli animali e del territorio.<br>Mission: Carta dei diritti del Lago di Garda, Tavolo di lavoro a livello provinciale e nazionale sul riconoscimento del Lago di Garda come entit\u00e0 giuridica. Coordinamento depuratore Desenzano \/ Valle del Chiese.<\/li>\n\n\n\n<li><strong><a href=\"https:\/\/www.facebook.com\/groups\/437427346291025\/\" target=\"_blank\" rel=\"noreferrer noopener\">Acqua Bene Comune Vicenza<\/a><\/strong>&nbsp;referente <a href=\"mailto:acquabenecomune.vi@gmail.com\" target=\"_blank\" rel=\"noreferrer noopener\">Filippo Canova<\/a><br>\nL&#8217;Associazione opera nella provincia di Vicenza per difendere la gestione pubblica del servizio idrico, salvaguardare la qualit\u00e0 della risorsa idrica, informare e sensibilizzare la cittadinanza, partecipa attivamente nelle poche sedi istituzionali dove vengono discussi questi argomenti.<\/li>\n\n\n\n<li><a href=\"mailto:lemammedelchiese@hotmail.com\" target=\"_blank\" rel=\"noreferrer noopener\"><\/a><a href=\"https:\/\/www.facebook.com\/mammedelchiese\/\" target=\"_blank\" rel=\"noreferrer noopener\"><\/a><strong><a href=\"https:\/\/www.facebook.com\/mammedelchiese\/?locale=it_IT\" target=\"_blank\" rel=\"noreferrer noopener\">Mamme Del Chiese<\/a><\/strong>&nbsp;referente <a href=\"mailto:piera.ambte@gmail.com\" target=\"_blank\" rel=\"noreferrer noopener\">Piera Casalini<\/a><br>Il Comitato \u201cLe Mamme del Chiese\u201d nasce spontaneamente nel 2019 per contrastare il progetto che prevede la realizzazione di due impianti di depurazione a Gavardo e Montichiari a servizio dei reflui fognari della sponda bresciana del lago di Garda.<br>Mission : Salvaguardia della valle e del fiume Chiese.<\/li>\n\n\n\n<li><a href=\"mailto:lindamaggiori@hotmail.com\" target=\"_blank\" rel=\"noreferrer noopener\"><\/a><a href=\"https:\/\/faenzaecologica.blogspot.com\/\" target=\"_blank\" rel=\"noreferrer noopener\"><\/a><strong><a href=\"https:\/\/www.facebook.com\/p\/Rete-No-Rigass-No-Gnl-100087418422868\/?locale=it_IT\" target=\"_blank\" rel=\"noreferrer noopener\">Rete no rigass no gnl Nazionale<\/a><\/strong>&nbsp;referente Nadia d\u2019Arco<br>Rete nata dall\u2019unione dei comitati e associazioni locali contro i rigassificatori e i depositi gnl.<br>Organizzazione di tutela ambientale<\/li>\n\n\n\n<li><a href=\"mailto:nonbruciamocilfuturo.vi@gmail.com\" target=\"_blank\" rel=\"noreferrer noopener\"><\/a><a href=\"https:\/\/www.facebook.com\/profile.php?id=61568716456781&amp;sk=about\" target=\"_blank\" rel=\"noreferrer noopener\"><\/a><strong><a href=\"https:\/\/www.facebook.com\/p\/Coordinamento-Non-Bruciamoci-il-Futuro-61568716456781\/\" target=\"_blank\" rel=\"noreferrer noopener\">Coordinamento Non Bruciamoci il Futuro Alto Vicentino<\/a><\/strong><br>Referenti <a href=\"mailto:nonbruciamocilfuturo.vi@gmail.com\" target=\"_blank\" rel=\"noreferrer noopener\">Marco Munarini<\/a> e <a href=\"mailto:nonbruciamocilfuturo.vi@gmail.com\" target=\"_blank\" rel=\"noreferrer noopener\">Laura Rossi<\/a><br>Il Coordinamento \u00e8 contrario al progetto dell\u2019ampliamento dell&#8217;inceneritore di Schio ma soprattutto ai principi che ne hanno ispirato la genesi, ancorati ad una visione superata e totalmente inadeguata a rispondere alle sfide drammatiche che la crisi ambientale ci costringe ad affrontare.<\/li>\n\n\n\n<li><a href=\"mailto:gl.vicenza@greenpeace.it\" target=\"_blank\" rel=\"noreferrer noopener\"><\/a><a href=\"https:\/\/www.greenpeace.org\/italy\/gruppo-locale\/21557\/gruppo-locale-di-vicenza\/\" target=\"_blank\" rel=\"noreferrer noopener\"><\/a><strong><a href=\"https:\/\/www.greenpeace.org\/italy\/gruppo-locale\/21557\/gruppo-locale-di-vicenza\/\" target=\"_blank\" rel=\"noreferrer noopener\">Greenpeace gruppo locale Vicenza<\/a><\/strong>&nbsp;Referenti <a href=\"mailto:gl.vicenza@greenpeace.it\" target=\"_blank\" rel=\"noreferrer noopener\">Alessia e Catia<\/a><br>si occupa di vari temi legati all\u2019ambiente a la biodiversit\u00e0 vedi campagne sito Greenpeace.<br>Campagna Acque Senza Veleni: campionamenti di acqua potabile in tutte le regioni italiane per verificare quanto questa contaminazione \u00e8 estesa e se interessa altre Regioni, oltre a quelle in cui il problema \u00e8 noto.<br>Mission : Mettere al bando l\u2019uso e la produzione dei PFAS<\/li>\n\n\n\n<li><strong><a href=\"https:\/\/www.facebook.com\/tavoloambiente\/\" target=\"_blank\" rel=\"noreferrer noopener\">Tavolo ambiente Faenza<\/a><\/strong> Comprende: Gruppo Faenza Eco-logica, Legambiente Lamone, Geolab, Il mondo che vorrei.<br> Coordinatore: <a href=\"mailto:tavoloambiente.urf@gmail.com\" target=\"_blank\" rel=\"noreferrer noopener\">Gianluca Baccarini<\/a>.<br>Instaurato nel 2021, attivato congiuntamente solo di recente sulla tematica PFAS grazie a Greenpeace dopo la scoperta dei valori TFA (159 ng\/lt) nella fontana potabile &#8220;migliore&#8221; di Faenza. Effettuati accessi agli atti a Ausl, Romagna Acque, Hera, Comune e organizzato il 6\/02\/2025 un convegno con G. Ungherese di Greenpeace, molto partecipato dalla popolazione. Si intendono attivare interlocuzione con Gestori Acqua, Amministratore e Regione.<\/li>\n\n\n\n<li><a href=\"mailto:isdenews@isde.it\" target=\"_blank\" rel=\"noreferrer noopener\"><\/a><a href=\"https:\/\/www.isdenews.it\/\" target=\"_blank\" rel=\"noreferrer noopener\"><\/a><strong><a href=\"https:\/\/faenzaecologica.blogspot.com\/\" target=\"_blank\" rel=\"noreferrer noopener\">Faenza Eco-logica<\/a><\/strong>&nbsp;Coordinatore <a href=\"mailto:maggiorilinda@gmail.com\" target=\"_blank\" rel=\"noreferrer noopener\">Linda Maggiori<\/a>.<br> Fondazione nel 2022, scopi: giornalismo inchiesta e cittadinanza attiva su questioni ambientali a 360\u00b0.<br>Abbiamo chiesto al Tavolo Ambiente di occuparci congiuntamente della situazione Pfas nel nostro territorio.<\/li>\n\n\n\n<li><a href=\"mailto:isdenews@isde.it\" target=\"_blank\" rel=\"noreferrer noopener\"><\/a><a href=\"mailto:isdenews@isde.it\" target=\"_blank\" rel=\"noreferrer noopener\"><\/a><a href=\"mailto:gl.rimini@greenpeace.it\" target=\"_blank\" rel=\"noreferrer noopener\"><\/a><a href=\"https:\/\/www.isdenews.it\/\" target=\"_blank\" rel=\"noreferrer noopener\"><\/a><a href=\"https:\/\/www.isdenews.it\/\" target=\"_blank\" rel=\"noreferrer noopener\"><\/a><a href=\"https:\/\/www.greenpeace.org\/italy\/gruppo-locale\/21591\/gruppo-locale-di-rimini\/?utm_medium=share&amp;utm_content=postid-21591&amp;utm_source=email\" target=\"_blank\" rel=\"noreferrer noopener\"><\/a><strong><a href=\"https:\/\/www.greenpeace.org\/italy\/gruppo-locale\/21591\/gruppo-locale-di-rimini\/\" target=\"_blank\" rel=\"noreferrer noopener\">Greenpeace Gruppo Locale di Rimini<\/a><\/strong>&nbsp;<br>Referenti <a href=\"mailto:gl.rimini@greenpeace.it\" target=\"_blank\" rel=\"noreferrer noopener\">Federica ed Emanuela<\/a>.<br>Il gruppo locale porta avanti le tematiche ambientali e sulle biodiversit\u00e0 che Greenpeace Italia tratta, vedi sito nazionale per le campagne.<br>Recentemente stiamo facendo la campagna nazionale di Acque Senza Veleni dove sono stati raccolti in tutte le regioni d&#8217;Italia campioni di acqua potabile per verificare quanto la contaminazione da PFAS \u00e8 estesa, oltre a quelle in cui il problema \u00e8 noto.<br>Mission : sensibilizzare le istituzioni al fine di far mettere al bando l\u2019uso e la produzione dei PFAS.<\/li>\n\n\n\n<li><strong><a href=\"https:\/\/pfas.land\/comitato-di-redazione\/\" target=\"_blank\" rel=\"noreferrer noopener\">PFAS.land &#8211; Archivio e Comitato di Redazione<\/a><\/strong>&nbsp;<br>Referenti <a href=\"mailto:albertoperuffo@gmail.com\" target=\"_blank\" rel=\"noreferrer noopener\">Alberto Peruffo<\/a> e <a href=\"mailto:davide@tatanka.it\" target=\"_blank\" rel=\"noreferrer noopener\">Davide Sandini<\/a>.<br>PFAS.land \u00e8 un organo di informazione e azione dei gruppi-comitati-associazioni che vivono nelle terre contaminate da PFAS promosso dal Comitato di Redazione Interdisciplinare PFAS.land \u2013 Veneto come progetto di comunit\u00e0, cittadinanza e municipalismo attivo contro i CRIMINI AMBIENTALI e l\u2019INGIUSTIZIA SOCIALE nei territori devastati dal capitalismo et more<\/li>\n\n\n\n<li><strong>Osservatorio Pfas Bassano <\/strong>&nbsp;<br>Referente <a href=\"mailto:annatrevisan@gmail.com\" target=\"_blank\" rel=\"noreferrer noopener\">Anna Trevisan<\/a>.<br> Insieme alle associazioni del territorio e alle\/ai cittadin* abbiamo:<br> &#8211; promosso e ottenuto l&#8217;approvazione della mozione Ban Pfas nel Comune di Bassano del Grappa.<br> &#8211; promosso e organizzato l&#8217;incontro informativo del 27 giugno 2025: &#8220;Pfas. Abbiamo altra scelta? Parliamone&#8221; con Lorenzo Altissimo, Claudio Lupo e Giovanna Dal Lago.<br> Inoltre, su sollecitazione della Rete e con la supervisione della dott.ssa Pretto, abbiamo promosso e realizzato una serie di 20 campionamenti dell&#8217; acqua potabile a Bassano del Grappa per monitorare la presenza di Pfas, contribuendo ad accendere l&#8217;attenzione sul tema della qualit\u00e0 delle acque potabili in Citt\u00e0 e sull&#8217;impatto delle Pfas sulla salute.<br> Tra i nostri obiettivi:<br> &#8211; contribuire a monitorare\/attenzionare lo stato dell&#8217;arte di alcune aree storicamente inquinate da PFas (discarica Pascolara);<br> &#8211; contribuire a mantenere alta l&#8217;attenzione delle e dei cittadin* sul tema Pfas, attraverso incontri, dibattiti, eventi, iniziative e campagne.<br> &#8211; contribuire a sollecitare gli enti locali ad impegnarsi per una maggior trasparenza e accessibilit\u00e0 ai dati.<\/li>\n\n\n\n<li><a href=\"https:\/\/www.ilmondodiirene.org\"><strong>Associazione culturale Il Mondo di Irene<\/strong><\/a><br>Referenti <a href=\"mailto:luisa.aprili@gmail.com\">Luisa Aprili<\/a> e <a href=\"mailto:marco.corbellari@gmail.com\">Marco Corbellari<\/a><br>L&#8217;associazione culturale Il Mondo di Irene si occupa di promozione della cultura della pace intesa non solo come assenza di guerre e conflitti, ma anche nella declinazione di pace ambientale e sociale. Ci occupiamo di tematiche ambientali principalmente del territorio veronese in rete con le altre associazioni ambientaliste della provincia e della regione Veneto. Promuoviamo e organizziamo eventi culturali sulle tematiche della pace, della salute e dell&#8217;ambiente.<\/li>\n\n\n\n<li><a href=\"https:\/\/comitatot44.blogspot.com\" target=\"_blank\" rel=\"noopener\" title=\"\"><strong>Tuteliamo la Salute Lev\u00e0<\/strong><\/a><br>Referenti <a href=\"comitatot44@gmail.com\" title=\"\">Jacopo Graziani<\/a> e Silvana Carollo<\/li>\n\n\n\n<li><strong>Comitato No Cava Campolongo<\/strong><br>Referenti <a href=\"mailto:gianluigi.mecenero@libero.it\" title=\"\">Gianluigi Mecenero<\/a> e <a href=\"mailto:isachiodi@gmail.com\" title=\"\">Isabella Chiodi<\/a><\/li>\n\n\n\n<li><strong>Associazione No Centrale<\/strong><br>Referente <a href=\"mailto:Lucianopanato81@gmail.com\" title=\"\">Luciano Panato<\/a><\/li>\n\n\n\n<li><a href=\"https:\/\/www.facebook.com\/OpzioneZero\/?locale=it_IT\" target=\"_blank\" rel=\"noopener\" title=\"\"><strong>Opzione Zero Riviera del Brenta<\/strong><\/a><br>Referente Mattia Donadel<br><\/li>\n<\/ul>\n\n\n\n<hr class=\"wp-block-separator has-alpha-channel-opacity\"\/>\n\n\n\n<p class=\"has-text-align-center\">Aiutaci a vietare i Pfas.<\/p>\n\n\n\n<p class=\"has-text-align-center\">Conviene a te e a chi verr\u00e0 dopo di te.<\/p>\n\n\n\n<p><\/p>\n","protected":false},"excerpt":{"rendered":"<p>Aiutaci a vietare i Pfas. Conviene a te e a chi verr\u00e0 dopo di te.<\/p>\n","protected":false},"author":1,"featured_media":0,"parent":0,"menu_order":0,"comment_status":"closed","ping_status":"closed","template":"","meta":{"om_disable_all_campaigns":false,"_monsterinsights_skip_tracking":false,"_monsterinsights_sitenote_active":false,"_monsterinsights_sitenote_note":"","_monsterinsights_sitenote_category":0,"footnotes":""},"class_list":["post-24","page","type-page","status-publish","hentry"],"aioseo_notices":[],"publishpress_future_action":{"enabled":false,"date":"2026-05-07 14:09:28","action":"change-status","newStatus":"draft","terms":[],"taxonomy":"","extraData":[]},"publishpress_future_workflow_manual_trigger":{"enabledWorkflows":[]},"_links":{"self":[{"href":"https:\/\/www.zeropfas-italia.org\/index.php?rest_route=\/wp\/v2\/pages\/24","targetHints":{"allow":["GET"]}}],"collection":[{"href":"https:\/\/www.zeropfas-italia.org\/index.php?rest_route=\/wp\/v2\/pages"}],"about":[{"href":"https:\/\/www.zeropfas-italia.org\/index.php?rest_route=\/wp\/v2\/types\/page"}],"author":[{"embeddable":true,"href":"https:\/\/www.zeropfas-italia.org\/index.php?rest_route=\/wp\/v2\/users\/1"}],"replies":[{"embeddable":true,"href":"https:\/\/www.zeropfas-italia.org\/index.php?rest_route=%2Fwp%2Fv2%2Fcomments&post=24"}],"version-history":[{"count":54,"href":"https:\/\/www.zeropfas-italia.org\/index.php?rest_route=\/wp\/v2\/pages\/24\/revisions"}],"predecessor-version":[{"id":885,"href":"https:\/\/www.zeropfas-italia.org\/index.php?rest_route=\/wp\/v2\/pages\/24\/revisions\/885"}],"wp:attachment":[{"href":"https:\/\/www.zeropfas-italia.org\/index.php?rest_route=%2Fwp%2Fv2%2Fmedia&parent=24"}],"curies":[{"name":"wp","href":"https:\/\/api.w.org\/{rel}","templated":true}]}}